{"id":3818,"date":"2024-05-27T13:34:28","date_gmt":"2024-05-27T11:34:28","guid":{"rendered":"https:\/\/cenematrasters.com\/?page_id=3818"},"modified":"2024-05-27T18:37:30","modified_gmt":"2024-05-27T16:37:30","slug":"particulars","status":"publish","type":"page","link":"https:\/\/cenematrasters.modula.tv\/?page_id=3818&lang=ca","title":{"rendered":"Particulars"},"content":{"rendered":"<div class=\"wpb-content-wrapper\">[vc_row et_full_width=&#8221;true&#8221; et_row_padding=&#8221;true&#8221; et_column_align=&#8221;align-center&#8221; css=&#8221;.vc_custom_1715070974326{margin-right: 0px !important;margin-bottom: 0px !important;margin-left: 0px !important;padding-right: 0px !important;padding-left: 0px !important;}&#8221;][vc_column offset=&#8221;vc_col-lg-12&#8243; css=&#8221;.vc_custom_1715071011153{margin-right: 0px !important;margin-bottom: 0px !important;margin-left: 0px !important;padding-right: 0px !important;padding-left: 0px !important;}&#8221;][vc_single_image image=&#8221;3819&#8243; img_size=&#8221;full&#8221; css=&#8221;.vc_custom_1716809016052{margin-right: 0px !important;margin-bottom: 0px !important;margin-left: 0px !important;padding-right: 0px !important;padding-left: 0px !important;}&#8221;][vc_separator color=&#8221;custom&#8221; border_width=&#8221;3&#8243; css=&#8221;.vc_custom_1715091165218{margin-bottom: 45px !important;}&#8221; accent_color=&#8221;#6dd300&#8243;][\/vc_column][\/vc_row][vc_row css=&#8221;.vc_custom_1715087817960{margin-bottom: 40px !important;}&#8221;][vc_column][vc_column_text css=&#8221;.vc_custom_1716809026594{margin-bottom: 60px !important;}&#8221; el_class=&#8221;grande verde&#8221;]\n<div class=\"page\" title=\"Page 2\">\n<div class=\"layoutArea\">\n<div class=\"column\">\n<h2 style=\"text-align: center;\">\u00bfCom funciona?<\/h2>\n<\/div>\n<\/div>\n<\/div>\n[\/vc_column_text][vc_row_inner et_max_width=&#8221;&#8221; el_class=&#8221;wrapper-secciones apartados&#8221; css=&#8221;.vc_custom_1715088383672{margin-bottom: 2% !important;}&#8221;][vc_column_inner el_class=&#8221;secciones&#8221; width=&#8221;1\/2&#8243; css=&#8221;.vc_custom_1715088300938{margin-right: 0px !important;margin-bottom: 0px !important;margin-left: 0px !important;padding-bottom: 0px !important;}&#8221;][vc_single_image image=&#8221;3820&#8243; img_size=&#8221;full&#8221; css=&#8221;.vc_custom_1716809059072{margin-bottom: 0px !important;padding-bottom: 0px !important;}&#8221;][\/vc_column_inner][vc_column_inner el_class=&#8221;secciones&#8221; width=&#8221;1\/2&#8243; css=&#8221;.vc_custom_1715088323522{margin-right: 0px !important;margin-bottom: 0px !important;margin-left: 0px !important;padding-bottom: 0px !important;}&#8221;][vc_single_image image=&#8221;3821&#8243; img_size=&#8221;full&#8221; css=&#8221;.vc_custom_1716809068791{margin-bottom: 0px !important;padding-bottom: 0px !important;}&#8221;][\/vc_column_inner][\/vc_row_inner][vc_row_inner et_max_width=&#8221;&#8221; el_class=&#8221;wrapper-secciones apartados&#8221;][vc_column_inner el_class=&#8221;secciones&#8221; width=&#8221;1\/2&#8243; css=&#8221;.vc_custom_1715088300938{margin-right: 0px !important;margin-bottom: 0px !important;margin-left: 0px !important;padding-bottom: 0px !important;}&#8221;][vc_single_image image=&#8221;3822&#8243; img_size=&#8221;full&#8221; css=&#8221;.vc_custom_1716809078730{margin-bottom: 0px !important;padding-bottom: 0px !important;}&#8221;][\/vc_column_inner][vc_column_inner el_class=&#8221;secciones&#8221; width=&#8221;1\/2&#8243; css=&#8221;.vc_custom_1715088323522{margin-right: 0px !important;margin-bottom: 0px !important;margin-left: 0px !important;padding-bottom: 0px !important;}&#8221;][vc_single_image image=&#8221;3823&#8243; img_size=&#8221;full&#8221; css=&#8221;.vc_custom_1716809086165{margin-bottom: 0px !important;padding-bottom: 0px !important;}&#8221;][\/vc_column_inner][\/vc_row_inner][\/vc_column][\/vc_row][vc_row et_full_width=&#8221;true&#8221; et_row_padding=&#8221;true&#8221; css=&#8221;.vc_custom_1715091462396{margin-bottom: 0px !important;}&#8221;][vc_column][vc_single_image image=&#8221;3824&#8243; img_size=&#8221;full&#8221; css=&#8221;&#8221;][\/vc_column][\/vc_row][vc_row et_full_width=&#8221;true&#8221; content_placement=&#8221;middle&#8221; css=&#8221;.vc_custom_1715091491697{margin-top: 0px !important;padding-top: 0px !important;padding-bottom: 40px !important;}&#8221; el_class=&#8221;wrapper-logos&#8221;][vc_column offset=&#8221;vc_col-lg-12&#8243;][vc_column_text css=&#8221;.vc_custom_1716809127878{margin-bottom: 60px !important;}&#8221; el_class=&#8221;grande&#8221;]\n<div class=\"page\" title=\"Page 2\">\n<div class=\"layoutArea\">\n<div class=\"column\">\n<h2 style=\"text-align: center;\">Avantatges per a particulars<\/h2>\n<\/div>\n<\/div>\n<\/div>\n[\/vc_column_text][vc_row_inner et_column_align=&#8221;align-center&#8221; css=&#8221;.vc_custom_1715073310617{margin-right: 5% !important;margin-bottom: 2% !important;margin-left: 5% !important;}&#8221;][vc_column_inner el_class=&#8221;logos&#8221; width=&#8221;1\/6&#8243;][vc_single_image image=&#8221;3418&#8243; img_size=&#8221;full&#8221; css=&#8221;&#8221;][vc_column_text css=&#8221;&#8221;]\n<div class=\"page\" title=\"Page 2\">\n<div class=\"section\">\n<div class=\"layoutArea\">\n<div class=\"column\">\n<p style=\"text-align: center;\">Vigil\u00e0ncia 24 h<\/p>\n<\/div>\n<\/div>\n<\/div>\n<\/div>\n[\/vc_column_text][\/vc_column_inner][vc_column_inner el_class=&#8221;logos&#8221; width=&#8221;1\/6&#8243;][vc_single_image image=&#8221;3425&#8243; img_size=&#8221;full&#8221; css=&#8221;&#8221;][vc_column_text css=&#8221;&#8221;]\n<div class=\"page\" title=\"Page 2\">\n<div class=\"section\">\n<div class=\"layoutArea\">\n<div class=\"column\">\n<div class=\"page\" title=\"Page 2\">\n<div class=\"section\">\n<div class=\"layoutArea\">\n<div class=\"column\">\n<p style=\"text-align: center;\">Acc\u00e9s les 24 h, 365 dies a l&#8217;any<\/p>\n<\/div>\n<\/div>\n<\/div>\n<\/div>\n<\/div>\n<\/div>\n<\/div>\n<\/div>\n[\/vc_column_text][\/vc_column_inner][vc_column_inner el_class=&#8221;logos&#8221; width=&#8221;1\/6&#8243;][vc_single_image image=&#8221;3474&#8243; img_size=&#8221;full&#8221; css=&#8221;&#8221;][vc_column_text css=&#8221;&#8221;]\n<div class=\"page\" title=\"Page 2\">\n<div class=\"section\">\n<div class=\"layoutArea\">\n<div class=\"column\">\n<div class=\"page\" title=\"Page 2\">\n<div class=\"section\">\n<div class=\"layoutArea\">\n<div class=\"column\">\n<p style=\"text-align: center;\">Alarma individual<\/p>\n<\/div>\n<\/div>\n<\/div>\n<\/div>\n<\/div>\n<\/div>\n<\/div>\n<\/div>\n[\/vc_column_text][\/vc_column_inner][vc_column_inner el_class=&#8221;logos&#8221; width=&#8221;1\/6&#8243;][vc_single_image image=&#8221;3475&#8243; img_size=&#8221;full&#8221; css=&#8221;&#8221;][vc_column_text css=&#8221;&#8221;]\n<div class=\"page\" title=\"Page 2\">\n<div class=\"section\">\n<div class=\"layoutArea\">\n<div class=\"column\">\n<div class=\"page\" title=\"Page 2\">\n<div class=\"section\">\n<div class=\"layoutArea\">\n<div class=\"column\">\n<p style=\"text-align: center;\">Asseguran\u00e7a inclosa per a cada traster<\/p>\n<\/div>\n<\/div>\n<\/div>\n<\/div>\n<\/div>\n<\/div>\n<\/div>\n<\/div>\n[\/vc_column_text][\/vc_column_inner][vc_column_inner el_class=&#8221;logos&#8221; width=&#8221;1\/6&#8243;][vc_single_image image=&#8221;3476&#8243; img_size=&#8221;full&#8221; css=&#8221;&#8221;][vc_column_text css=&#8221;&#8221;]\n<div class=\"page\" title=\"Page 2\">\n<div class=\"section\">\n<div class=\"layoutArea\">\n<div class=\"column\">\n<div class=\"page\" title=\"Page 2\">\n<div class=\"section\">\n<div class=\"layoutArea\">\n<div class=\"column\">\n<p style=\"text-align: center;\">Carros de transport i zona de desc\u00e0rrega<\/p>\n<\/div>\n<\/div>\n<\/div>\n<\/div>\n<\/div>\n<\/div>\n<\/div>\n<\/div>\n[\/vc_column_text][\/vc_column_inner][vc_column_inner el_class=&#8221;logos&#8221; width=&#8221;1\/6&#8243;][vc_single_image image=&#8221;3421&#8243; img_size=&#8221;full&#8221; css=&#8221;&#8221;][vc_column_text css=&#8221;&#8221;]\n<div class=\"page\" title=\"Page 2\">\n<div class=\"section\">\n<div class=\"layoutArea\">\n<div class=\"column\">\n<div class=\"page\" title=\"Page 2\">\n<div class=\"section\">\n<div class=\"layoutArea\">\n<div class=\"column\">\n<p style=\"text-align: center;\">Contractes flexibles<\/p>\n<\/div>\n<\/div>\n<\/div>\n<\/div>\n<\/div>\n<\/div>\n<\/div>\n<\/div>\n[\/vc_column_text][\/vc_column_inner][\/vc_row_inner][\/vc_column][\/vc_row][vc_row et_full_width=&#8221;true&#8221; css=&#8221;.vc_custom_1715091761060{margin-bottom: 40px !important;padding-right: 7% !important;padding-left: 7% !important;background-color: #6dd300 !important;}&#8221;][vc_column css=&#8221;.vc_custom_1715944897070{border-bottom-width: 5% !important;padding-top: 5% !important;}&#8221; el_id=&#8221;calculadora&#8221; offset=&#8221;vc_hidden-sm vc_hidden-xs&#8221;][vc_column_text css=&#8221;.vc_custom_1716809187647{margin-bottom: 10px !important;}&#8221; el_class=&#8221;grande blanco&#8221;]\n<div class=\"page\" title=\"Page 2\">\n<div class=\"layoutArea\">\n<div class=\"column\">\n<h2 style=\"text-align: center;\">Calcula el teu espai<\/h2>\n<\/div>\n<\/div>\n<\/div>\n[\/vc_column_text][vc_column_text css=&#8221;.vc_custom_1716809210728{padding-right: 7% !important;padding-left: 7% !important;}&#8221; el_class=&#8221;subtitulo&#8221;]\n<div class=\"page\" title=\"Page 2\">\n<div class=\"layoutArea\">\n<div class=\"column\">\n<div class=\"page\" title=\"Page 2\">\n<div class=\"section\">\n<div class=\"layoutArea\">\n<div class=\"column\">\n<p style=\"text-align: left;\"><span style=\"color: #ffffff;\">Mobles, electrodom\u00e8stics, material esportiu, eines, arxius, les joguines antigues dels teus fills\u2026<\/span> <span style=\"color: #000000;\">Tot hi cap en un traster de Cenema!<br \/>\n<\/span><\/p>\n<\/div>\n<\/div>\n<\/div>\n<\/div>\n<\/div>\n<\/div>\n<\/div>\n[\/vc_column_text][vc_tta_tabs active_section=&#8221;1&#8243; el_class=&#8221;trasteros&#8221; css=&#8221;.vc_custom_1715944908746{padding-top: 5% !important;}&#8221;][vc_tta_section title=&#8221;TQ&#8221; tab_id=&#8221;1715853252653-57d29a61-3da0&#8243;][vc_row_inner][vc_column_inner width=&#8221;2\/3&#8243;][vc_column_text css=&#8221;&#8221;]<span style=\"color: #000000;\"><b>TQ<\/b><\/span><\/p>\n<p><span style=\"font-weight: 400; color: #000000;\">Minis\/taquilles<\/span>[\/vc_column_text][vc_column_text css=&#8221;&#8221; el_class=&#8221;blanco&#8221;]<span style=\"font-weight: 400;\">En aquests mini trasters, podr\u00e0s guardar de 10 a 20 caixes petites o de 4 a 8 maletes mitjanes. Ideals per a equipatges d&#8217;estudiants i coses petites que no vols guardar a casa com l&#8217;arbre i les decoracions de Nadal.<br \/>\n<\/span>[\/vc_column_text][vc_btn title=&#8221;M&#8217;interessa&#8221; style=&#8221;custom&#8221; custom_background=&#8221;#000000&#8243; custom_text=&#8221;#6dd300&#8243; shape=&#8221;square&#8221; css=&#8221;&#8221; link=&#8221;url:%2Fcontacto%2F|title:Me%20interesa&#8221;][\/vc_column_inner][vc_column_inner el_class=&#8221;gif-calculadora&#8221; width=&#8221;1\/3&#8243;][vc_single_image image=&#8221;3735&#8243; img_size=&#8221;full&#8221; alignment=&#8221;right&#8221; css=&#8221;.vc_custom_1715855682386{margin-bottom: 0px !important;}&#8221; el_class=&#8221;gif&#8221;][\/vc_column_inner][\/vc_row_inner][\/vc_tta_section][vc_tta_section title=&#8221;TR \/ S&#8221; tab_id=&#8221;1715853544552-a3b1d09d-c5ee&#8221;][vc_row_inner][vc_column_inner width=&#8221;2\/3&#8243;][vc_column_text css=&#8221;&#8221;]<span style=\"color: #000000;\"><b>TR \/ S<\/b><\/span><\/p>\n<p><span style=\"font-weight: 400; color: #000000;\">Trasters d\u20191 m\u00b2 a 3 m\u00b2<br \/>\n<\/span>[\/vc_column_text][vc_column_text css=&#8221;&#8221; el_class=&#8221;blanco&#8221;]<span style=\"font-weight: 400;\">En aquest traster podr\u00e0s emmagatzemar de 25 a 75 embalums o caixes petites. T&#8217;anir\u00e0 genial si el que vols \u00e9s un espai on deixar les bicicletes, mobiliari puntual com un sof\u00e0, mobles auxiliars o electrodom\u00e8stics.<br \/>\nSi ets aut\u00f2nom i necessites guardar material i petites eines, aquesta tamb\u00e9 pot ser la teva opci\u00f3.<br \/>\n<\/span>[\/vc_column_text][vc_btn title=&#8221;M&#8217;interessa&#8221; style=&#8221;custom&#8221; custom_background=&#8221;#000000&#8243; custom_text=&#8221;#6dd300&#8243; shape=&#8221;square&#8221; css=&#8221;&#8221; link=&#8221;url:%2Fcontacto%2F|title:Me%20interesa&#8221;][\/vc_column_inner][vc_column_inner width=&#8221;1\/3&#8243;][vc_single_image image=&#8221;3724&#8243; img_size=&#8221;full&#8221; alignment=&#8221;right&#8221; css=&#8221;&#8221;][\/vc_column_inner][\/vc_row_inner][\/vc_tta_section][vc_tta_section title=&#8221;TR \/ M&#8221; tab_id=&#8221;1715853252645-854e9d91-cd93&#8243;][vc_row_inner][vc_column_inner width=&#8221;2\/3&#8243;][vc_column_text css=&#8221;&#8221;]<span style=\"color: #000000;\"><b>TR \/ M<\/b><\/span><\/p>\n<p><span style=\"font-weight: 400; color: #000000;\">Trasters de 3,5 m\u00b2 a 7 m\u00b2<\/span>[\/vc_column_text][vc_column_text css=&#8221;&#8221; el_class=&#8221;blanco&#8221;]<span style=\"font-weight: 400;\">Perfecte per a guardar el mobiliari d&#8217;un pis petit (de 30 m\u00b2 a 60 m\u00b2), o d&#8217;una oficina petita. Tamb\u00e9 et servir\u00e0 si el que vols \u00e9s guardar material i eines d\u2019empreses petites.<br \/>\n<\/span>[\/vc_column_text][vc_btn title=&#8221;M&#8217;interessa&#8221; style=&#8221;custom&#8221; custom_background=&#8221;#000000&#8243; custom_text=&#8221;#6dd300&#8243; shape=&#8221;square&#8221; css=&#8221;&#8221; link=&#8221;url:%2Fcontacto%2F|title:Me%20interesa&#8221;][\/vc_column_inner][vc_column_inner width=&#8221;1\/3&#8243;][vc_single_image image=&#8221;3724&#8243; img_size=&#8221;full&#8221; alignment=&#8221;right&#8221; css=&#8221;&#8221;][\/vc_column_inner][\/vc_row_inner][\/vc_tta_section][vc_tta_section title=&#8221;TR \/ L&#8221; tab_id=&#8221;1715853595886-b10462d8-23ed&#8221;][vc_row_inner][vc_column_inner width=&#8221;2\/3&#8243;][vc_column_text css=&#8221;&#8221;]<span style=\"color: #000000;\"><b>TR \/ L<\/b><\/span><\/p>\n<p><span style=\"font-weight: 400; color: #000000;\">Trasters de 7,5 m\u00b2 a 12 m\u00b2<br \/>\n<\/span>[\/vc_column_text][vc_column_text css=&#8221;&#8221; el_class=&#8221;blanco&#8221;]<span style=\"font-weight: 400;\">Aquesta mida de traster \u00e9s ideal per a guardar l&#8217;equivalent al mobiliari d&#8217;un pis de 65 m\u00b2 fins a 100 m\u00b2. O si ho prefereixes, tot el material i eines de la teva empresa mitjana.<br \/>\n<\/span>[\/vc_column_text][vc_btn title=&#8221;M&#8217;interessa&#8221; style=&#8221;custom&#8221; custom_background=&#8221;#000000&#8243; custom_text=&#8221;#6dd300&#8243; shape=&#8221;square&#8221; css=&#8221;&#8221; link=&#8221;url:%2Fcontacto%2F|title:Me%20interesa&#8221;][\/vc_column_inner][vc_column_inner width=&#8221;1\/3&#8243;][vc_single_image image=&#8221;3736&#8243; img_size=&#8221;full&#8221; alignment=&#8221;right&#8221; css=&#8221;&#8221;][\/vc_column_inner][\/vc_row_inner][\/vc_tta_section][vc_tta_section title=&#8221;TR \/ XL&#8221; tab_id=&#8221;1715853627296-50c09c8e-7210&#8243;][vc_row_inner][vc_column_inner width=&#8221;2\/3&#8243;][vc_column_text css=&#8221;&#8221;]<span style=\"color: #000000;\"><b>TR \/ XL<\/b><\/span><\/p>\n<p><span style=\"font-weight: 400; color: #000000;\">Trasters de 13 m\u00b2 a 20 m\u00b2<br \/>\n<\/span>[\/vc_column_text][vc_column_text css=&#8221;&#8221; el_class=&#8221;blanco&#8221;]<span style=\"font-weight: 400;\">En aquest traster podr\u00e0s guardar de tot. S\u00f3n ideals per a guardar el mobiliari d&#8217;habitatges des de 105 m\u00b2 a 180 m\u00b2 o l&#8217;estoc i el material d&#8217;\u00fas professional d\u2019empreses mitjanes o grans.<br \/>\n<\/span>[\/vc_column_text][vc_btn title=&#8221;M&#8217;interessa&#8221; style=&#8221;custom&#8221; custom_background=&#8221;#000000&#8243; custom_text=&#8221;#6dd300&#8243; shape=&#8221;square&#8221; css=&#8221;&#8221; link=&#8221;url:%2Fcontacto%2F|title:Me%20interesa&#8221;][\/vc_column_inner][vc_column_inner width=&#8221;1\/3&#8243;][vc_single_image image=&#8221;3737&#8243; img_size=&#8221;full&#8221; alignment=&#8221;right&#8221; css=&#8221;&#8221;][\/vc_column_inner][\/vc_row_inner][\/vc_tta_section][vc_tta_section title=&#8221;TR \/ XXL&#8221; tab_id=&#8221;1715853667651-5c5dc878-8c33&#8243;][vc_row_inner][vc_column_inner width=&#8221;2\/3&#8243;][vc_column_text css=&#8221;&#8221;]<span style=\"color: #000000;\"><b>TR \/ XXL<\/b><\/span><\/p>\n<p><span style=\"font-weight: 400; color: #000000;\">Trasters de m\u00e1s de 20 m\u00b2<br \/>\n<\/span>[\/vc_column_text][vc_column_text css=&#8221;&#8221; el_class=&#8221;blanco&#8221;]<span style=\"font-weight: 400;\">Encara et falten coses per guardar? Aquest traster \u00e9s ideal per a guardar el mobiliari de grans habitatges (m\u00e9s 185 m\u00b2) o l&#8217;estoc i els materials professionals d\u2019empreses mitjanes i grans.<br \/>\n<\/span>[\/vc_column_text][vc_btn title=&#8221;M&#8217;interessa&#8221; style=&#8221;custom&#8221; custom_background=&#8221;#000000&#8243; custom_text=&#8221;#6dd300&#8243; shape=&#8221;square&#8221; css=&#8221;&#8221; link=&#8221;url:%2Fcontacto%2F|title:Me%20interesa&#8221;][\/vc_column_inner][vc_column_inner width=&#8221;1\/3&#8243;][vc_single_image image=&#8221;3738&#8243; img_size=&#8221;full&#8221; alignment=&#8221;right&#8221; css=&#8221;&#8221;][\/vc_column_inner][\/vc_row_inner][\/vc_tta_section][\/vc_tta_tabs][\/vc_column][\/vc_row][vc_row et_full_width=&#8221;true&#8221; css=&#8221;.vc_custom_1716809390223{margin-bottom: 40px !important;padding-right: 7% !important;padding-left: 7% !important;background-color: #6dd300 !important;}&#8221;][vc_column css=&#8221;.vc_custom_1716809410374{border-bottom-width: 5% !important;padding-top: 5% !important;}&#8221; offset=&#8221;vc_hidden-lg vc_hidden-md&#8221;][vc_column_text css=&#8221;.vc_custom_1716809444269{margin-bottom: 10px !important;}&#8221; el_class=&#8221;grande blanco&#8221;]\n<div class=\"page\" title=\"Page 2\">\n<div class=\"layoutArea\">\n<div class=\"column\">\n<h2 style=\"text-align: center;\">Calcula el teu espai<\/h2>\n<\/div>\n<\/div>\n<\/div>\n[\/vc_column_text][vc_column_text css=&#8221;.vc_custom_1716809469288{padding-right: 7% !important;padding-left: 7% !important;}&#8221; el_class=&#8221;subtitulo&#8221;]\n<div class=\"page\" title=\"Page 2\">\n<div class=\"layoutArea\">\n<div class=\"column\">\n<div class=\"page\" title=\"Page 2\">\n<div class=\"section\">\n<div class=\"layoutArea\">\n<div class=\"column\">\n<p style=\"text-align: left;\"><span style=\"color: #ffffff;\">Mobles, electrodom\u00e8stics, material esportiu, eines, arxius, les joguines antigues dels teus fills\u2026 <\/span> <span style=\"color: #000000;\">Tot hi cap en un traster de Cenema!<\/span><\/p>\n<\/div>\n<\/div>\n<\/div>\n<\/div>\n<\/div>\n<\/div>\n<\/div>\n[\/vc_column_text][vc_tta_tabs active_section=&#8221;1&#8243; css=&#8221;.vc_custom_1715944970294{padding-top: 5% !important;}&#8221; el_class=&#8221;trasteros mobile&#8221;][vc_tta_section title=&#8221;TQ&#8221; tab_id=&#8221;1715944756423-af5a246e-04c5&#8243;][vc_row_inner][vc_column_inner width=&#8221;1\/2&#8243;][vc_column_text css=&#8221;&#8221;]<span style=\"color: #000000;\"><b>TQ<\/b><\/span><\/p>\n<p><span style=\"font-weight: 400; color: #000000;\">Minis\/taquilles<\/span>[\/vc_column_text][vc_column_text css=&#8221;&#8221; el_class=&#8221;blanco&#8221;]<span style=\"font-weight: 400;\">En aquests mini trasters, podr\u00e0s guardar de 10 a 20 caixes petites o de 4 a 8 maletes mitjanes. Ideals per a equipatges d&#8217;estudiants i coses petites que no vols guardar a casa com l&#8217;arbre i les decoracions de Nadal.<\/span>[\/vc_column_text][\/vc_column_inner][vc_column_inner el_class=&#8221;gif-calculadora&#8221; width=&#8221;1\/2&#8243;][vc_single_image image=&#8221;3735&#8243; img_size=&#8221;full&#8221; alignment=&#8221;center&#8221; css=&#8221;.vc_custom_1715945205525{margin-bottom: 0px !important;}&#8221; el_class=&#8221;gif&#8221;][vc_btn title=&#8221;M&#8217;interessa&#8221; style=&#8221;custom&#8221; custom_background=&#8221;#000000&#8243; custom_text=&#8221;#6dd300&#8243; shape=&#8221;square&#8221; align=&#8221;center&#8221; css=&#8221;&#8221; link=&#8221;url:%2Fcontacto%2F|title:Me%20interesa&#8221;][\/vc_column_inner][\/vc_row_inner][\/vc_tta_section][vc_tta_section title=&#8221;TR \/ S&#8221; tab_id=&#8221;1715944756488-d1d1c66d-8bb3&#8243;][vc_row_inner][vc_column_inner width=&#8221;1\/2&#8243;][vc_column_text css=&#8221;&#8221;]<span style=\"color: #000000;\"><b>TR \/ S<\/b><\/span><\/p>\n<p><span style=\"font-weight: 400; color: #000000;\">Trasters d\u20191 m\u00b2 a 3 m\u00b2<br \/>\n<\/span>[\/vc_column_text][vc_column_text css=&#8221;&#8221; el_class=&#8221;blanco&#8221;]<span style=\"font-weight: 400;\">En aquest traster podr\u00e0s emmagatzemar de 25 a 75 embalums o caixes petites. T&#8217;anir\u00e0 genial si el que vols \u00e9s un espai on deixar les bicicletes, mobiliari puntual com un sof\u00e0, mobles auxiliars o electrodom\u00e8stics.<br \/>\nSi ets aut\u00f2nom i necessites guardar material i petites eines, aquesta tamb\u00e9 pot ser la teva opci\u00f3.<br \/>\n<\/span>[\/vc_column_text][\/vc_column_inner][vc_column_inner width=&#8221;1\/2&#8243;][vc_single_image image=&#8221;3724&#8243; img_size=&#8221;full&#8221; alignment=&#8221;center&#8221; css=&#8221;&#8221;][vc_btn title=&#8221;M&#8217;interessa&#8221; style=&#8221;custom&#8221; custom_background=&#8221;#000000&#8243; custom_text=&#8221;#6dd300&#8243; shape=&#8221;square&#8221; align=&#8221;center&#8221; css=&#8221;&#8221; link=&#8221;url:%2Fcontacto%2F|title:Me%20interesa&#8221;][\/vc_column_inner][\/vc_row_inner][\/vc_tta_section][vc_tta_section title=&#8221;TR \/ M&#8221; tab_id=&#8221;1715944756558-547aedf5-1145&#8243;][vc_row_inner][vc_column_inner width=&#8221;1\/2&#8243;][vc_column_text css=&#8221;&#8221;]<span style=\"color: #000000;\"><b>TR \/ M<\/b><\/span><\/p>\n<p><span style=\"font-weight: 400; color: #000000;\">Trasters de 3,5 m\u00b2 a 7 m\u00b2<\/span>[\/vc_column_text][vc_column_text css=&#8221;&#8221; el_class=&#8221;blanco&#8221;]<span style=\"font-weight: 400;\">Perfecte per a guardar el mobiliari d&#8217;un pis petit (de 30 m\u00b2 a 60 m\u00b2), o d&#8217;una oficina petita. Tamb\u00e9 et servir\u00e0 si el que vols \u00e9s guardar material i eines d\u2019empreses petites.<br \/>\n<\/span>[\/vc_column_text][\/vc_column_inner][vc_column_inner width=&#8221;1\/2&#8243;][vc_single_image image=&#8221;3724&#8243; img_size=&#8221;full&#8221; alignment=&#8221;center&#8221; css=&#8221;&#8221;][vc_btn title=&#8221;M&#8217;interessa&#8221; style=&#8221;custom&#8221; custom_background=&#8221;#000000&#8243; custom_text=&#8221;#6dd300&#8243; shape=&#8221;square&#8221; align=&#8221;center&#8221; css=&#8221;&#8221; link=&#8221;url:%2Fcontacto%2F|title:Me%20interesa&#8221;][\/vc_column_inner][\/vc_row_inner][\/vc_tta_section][vc_tta_section title=&#8221;TR \/ L&#8221; tab_id=&#8221;1715944756626-378bc4ed-1973&#8243;][vc_row_inner][vc_column_inner width=&#8221;1\/2&#8243;][vc_column_text css=&#8221;&#8221;]<span style=\"color: #000000;\"><b>TR \/ L<\/b><\/span><\/p>\n<p><span style=\"font-weight: 400; color: #000000;\">Trasters de 7,5 m\u00b2 a 12 m\u00b2<br \/>\n<\/span>[\/vc_column_text][vc_column_text css=&#8221;&#8221; el_class=&#8221;blanco&#8221;]<span style=\"font-weight: 400;\">Aquesta mida de traster \u00e9s ideal per a guardar l&#8217;equivalent al mobiliari d&#8217;un pis de 65 m\u00b2 fins a 100 m\u00b2. O si ho prefereixes, tot el material i eines de la teva empresa mitjana.<br \/>\n<\/span>[\/vc_column_text][\/vc_column_inner][vc_column_inner width=&#8221;1\/2&#8243;][vc_single_image image=&#8221;3736&#8243; img_size=&#8221;full&#8221; alignment=&#8221;center&#8221; css=&#8221;&#8221;][vc_btn title=&#8221;M&#8217;interessa&#8221; style=&#8221;custom&#8221; custom_background=&#8221;#000000&#8243; custom_text=&#8221;#6dd300&#8243; shape=&#8221;square&#8221; align=&#8221;center&#8221; css=&#8221;&#8221; link=&#8221;url:%2Fcontacto%2F|title:Me%20interesa&#8221;][\/vc_column_inner][\/vc_row_inner][\/vc_tta_section][vc_tta_section title=&#8221;TR \/ XL&#8221; tab_id=&#8221;1715944756697-de0400bd-a298&#8243;][vc_row_inner][vc_column_inner width=&#8221;1\/2&#8243;][vc_column_text css=&#8221;&#8221;]<span style=\"color: #000000;\"><b>TR \/ XL<\/b><\/span><\/p>\n<p><span style=\"font-weight: 400; color: #000000;\">Trasters de 13 m\u00b2 a 20 m\u00b2<br \/>\n<\/span>[\/vc_column_text][vc_column_text css=&#8221;&#8221; el_class=&#8221;blanco&#8221;]<span style=\"font-weight: 400;\">En aquest traster podr\u00e0s guardar de tot. S\u00f3n ideals per a guardar el mobiliari d&#8217;habitatges des de 105 m\u00b2 a 180 m\u00b2 o l&#8217;estoc i el material d&#8217;\u00fas professional d\u2019empreses mitjanes o grans.<\/span>[\/vc_column_text][\/vc_column_inner][vc_column_inner width=&#8221;1\/2&#8243;][vc_single_image image=&#8221;3737&#8243; img_size=&#8221;full&#8221; alignment=&#8221;center&#8221; css=&#8221;&#8221;][vc_btn title=&#8221;M&#8217;interessa&#8221; style=&#8221;custom&#8221; custom_background=&#8221;#000000&#8243; custom_text=&#8221;#6dd300&#8243; shape=&#8221;square&#8221; align=&#8221;center&#8221; css=&#8221;&#8221; link=&#8221;url:%2Fcontacto%2F|title:Me%20interesa&#8221;][\/vc_column_inner][\/vc_row_inner][\/vc_tta_section][vc_tta_section title=&#8221;TR \/ XXL&#8221; tab_id=&#8221;1715944756777-bcd117a5-074e&#8221;][vc_row_inner][vc_column_inner width=&#8221;1\/2&#8243;][vc_column_text css=&#8221;&#8221;]<span style=\"color: #000000;\"><b>TR \/ XXL<\/b><\/span><\/p>\n<p><span style=\"font-weight: 400; color: #000000;\">Trasters de m\u00e1s de 20 m\u00b2<br \/>\n<\/span>[\/vc_column_text][vc_column_text css=&#8221;&#8221; el_class=&#8221;blanco&#8221;]<span style=\"font-weight: 400;\">Encara et falten coses per guardar? Aquest traster \u00e9s ideal per a guardar el mobiliari de grans habitatges (m\u00e9s 185 m\u00b2) o l&#8217;estoc i els materials professionals d\u2019empreses mitjanes i grans.<br \/>\n<\/span>[\/vc_column_text][\/vc_column_inner][vc_column_inner width=&#8221;1\/2&#8243;][vc_single_image image=&#8221;3738&#8243; img_size=&#8221;full&#8221; alignment=&#8221;center&#8221; css=&#8221;&#8221;][vc_btn title=&#8221;M&#8217;interessa&#8221; style=&#8221;custom&#8221; custom_background=&#8221;#000000&#8243; custom_text=&#8221;#6dd300&#8243; shape=&#8221;square&#8221; align=&#8221;center&#8221; css=&#8221;&#8221; link=&#8221;url:%2Fcontacto%2F|title:Me%20interesa&#8221;][\/vc_column_inner][\/vc_row_inner][\/vc_tta_section][\/vc_tta_tabs][\/vc_column][\/vc_row][vc_row css=&#8221;.vc_custom_1579117484725{margin-bottom: 40px !important;}&#8221;][vc_column][vc_row_inner et_max_width=&#8221;&#8221; css=&#8221;.vc_custom_1715072095533{margin-right: 5% !important;margin-left: 5% !important;}&#8221; el_class=&#8221;wrapper-secciones&#8221;][vc_column_inner el_class=&#8221;secciones&#8221; width=&#8221;1\/3&#8243; css=&#8221;.vc_custom_1715071880154{margin-right: 0px !important;margin-left: 0px !important;}&#8221;][vc_single_image image=&#8221;3491&#8243; img_size=&#8221;full&#8221; css=&#8221;&#8221;][vc_column_text css=&#8221;&#8221; el_class=&#8221;secciones-desc&#8221;]Demana&#8217;ns pressupost sense comprom\u00eds![\/vc_column_text][vc_column_text css=&#8221;&#8221;]<a href=\"https:\/\/cenematrasters.modula.tv\/ca\/contacte\/\">DEMANAR PRESSUPOST<\/a>[\/vc_column_text][\/vc_column_inner][vc_column_inner el_class=&#8221;secciones&#8221; width=&#8221;1\/3&#8243; css=&#8221;.vc_custom_1715071890054{margin-right: 0px !important;margin-bottom: 2% !important;margin-left: 0px !important;}&#8221;][vc_single_image image=&#8221;3492&#8243; img_size=&#8221;full&#8221; css=&#8221;&#8221;][vc_column_text css=&#8221;&#8221; el_class=&#8221;secciones-desc&#8221;]\n<div class=\"page\" title=\"Page 2\">\n<div class=\"section\">\n<div class=\"layoutArea\">\n<div class=\"column\">\n<p>Troba aqu\u00ed tot el material per a la teva mudan\u00e7a<\/p>\n<\/div>\n<\/div>\n<\/div>\n<\/div>\n[\/vc_column_text][vc_column_text css=&#8221;&#8221;]<a href=\"https:\/\/cenematrasters.modula.tv\/ca\/botiga\/\">ANAR A LA BOTIGA<\/a>[\/vc_column_text][\/vc_column_inner][vc_column_inner el_class=&#8221;secciones&#8221; width=&#8221;1\/3&#8243; css=&#8221;.vc_custom_1715071899191{margin-right: 0px !important;margin-bottom: 2% !important;margin-left: 0px !important;}&#8221;][vc_single_image image=&#8221;3493&#8243; img_size=&#8221;full&#8221; css=&#8221;&#8221;][vc_column_text css=&#8221;&#8221; el_class=&#8221;secciones-desc&#8221;]\n<div class=\"page\" title=\"Page 2\">\n<div class=\"section\">\n<div class=\"layoutArea\">\n<div class=\"column\">\n<p><span style=\"font-weight: 400;\">Troba el teu centre Cenema m\u00e9s pr\u00f2xim<\/span><\/p>\n<\/div>\n<\/div>\n<\/div>\n<\/div>\n[\/vc_column_text][vc_column_text css=&#8221;&#8221;]<a href=\"https:\/\/cenematrasters.modula.tv\/ca\/centres\/\">BUSCAR CENTRE<\/a>[\/vc_column_text][\/vc_column_inner][\/vc_row_inner][\/vc_column][\/vc_row]\n<\/div>","protected":false},"excerpt":{"rendered":"<p>[vc_row et_full_width=&#8221;true&#8221; et_row_padding=&#8221;true&#8221; et_column_align=&#8221;align-center&#8221; css=&#8221;.vc_custom_1715070974326{margin-right: 0px !important;margin-bottom: 0px !important;margin-left: 0px !important;padding-right: 0px !important;padding-left: 0px !important;}&#8221;][vc_column offset=&#8221;vc_col-lg-12&#8243; css=&#8221;.vc_custom_1715071011153{margin-right: 0px !important;margin-bottom: 0px !important;margin-left: 0px !important;padding-right: 0px !important;padding-left: 0px !important;}&#8221;][vc_single_image image=&#8221;3819&#8243; img_size=&#8221;full&#8221; css=&#8221;.vc_custom_1716809016052{margin-right: 0px !important;margin-bottom: 0px !important;margin-left: 0px !important;padding-right: 0px !important;padding-left: 0px !important;}&#8221;][vc_separator color=&#8221;custom&#8221; border_width=&#8221;3&#8243; css=&#8221;.vc_custom_1715091165218{margin-bottom: 45px !important;}&#8221; accent_color=&#8221;#6dd300&#8243;][\/vc_column][\/vc_row][vc_row css=&#8221;.vc_custom_1715087817960{margin-bottom: 40px !important;}&#8221;][vc_column][vc_column_text css=&#8221;.vc_custom_1716809026594{margin-bottom: [&hellip;]<\/p>\n","protected":false},"author":1,"featured_media":0,"parent":0,"menu_order":0,"comment_status":"closed","ping_status":"closed","template":"","meta":{"footnotes":""},"class_list":["post-3818","page","type-page","status-publish","hentry"],"_links":{"self":[{"href":"https:\/\/cenematrasters.modula.tv\/index.php?rest_route=\/wp\/v2\/pages\/3818","targetHints":{"allow":["GET"]}}],"collection":[{"href":"https:\/\/cenematrasters.modula.tv\/index.php?rest_route=\/wp\/v2\/pages"}],"about":[{"href":"https:\/\/cenematrasters.modula.tv\/index.php?rest_route=\/wp\/v2\/types\/page"}],"author":[{"embeddable":true,"href":"https:\/\/cenematrasters.modula.tv\/index.php?rest_route=\/wp\/v2\/users\/1"}],"replies":[{"embeddable":true,"href":"https:\/\/cenematrasters.modula.tv\/index.php?rest_route=%2Fwp%2Fv2%2Fcomments&post=3818"}],"version-history":[{"count":3,"href":"https:\/\/cenematrasters.modula.tv\/index.php?rest_route=\/wp\/v2\/pages\/3818\/revisions"}],"predecessor-version":[{"id":3909,"href":"https:\/\/cenematrasters.modula.tv\/index.php?rest_route=\/wp\/v2\/pages\/3818\/revisions\/3909"}],"wp:attachment":[{"href":"https:\/\/cenematrasters.modula.tv\/index.php?rest_route=%2Fwp%2Fv2%2Fmedia&parent=3818"}],"curies":[{"name":"wp","href":"https:\/\/api.w.org\/{rel}","templated":true}]}}